{"id":8155,"date":"2023-01-24T11:43:03","date_gmt":"2023-01-24T11:43:03","guid":{"rendered":"https:\/\/groznjan-grisignana.hr\/jazz-is-back-bp\/"},"modified":"2023-07-25T11:35:42","modified_gmt":"2023-07-25T11:35:42","slug":"jazz-festival-internazionale-jazz-is-back-bp","status":"publish","type":"page","link":"https:\/\/groznjan-grisignana.hr\/it\/jazz-festival-internazionale-jazz-is-back-bp\/","title":{"rendered":"Jazz festival internazionale \u2013 Jazz is back BP"},"content":{"rendered":"<div class=\"fusion-fullwidth fullwidth-box fusion-builder-row-1 fusion-flex-container has-pattern-background has-mask-background nonhundred-percent-fullwidth non-hundred-percent-height-scrolling\" style=\"--awb-border-radius-top-left:0px;--awb-border-radius-top-right:0px;--awb-border-radius-bottom-right:0px;--awb-border-radius-bottom-left:0px;--awb-padding-right:0px;--awb-padding-left:0px;--awb-flex-wrap:wrap;\" ><div class=\"fusion-builder-row fusion-row fusion-flex-align-items-flex-start fusion-flex-content-wrap\" style=\"max-width:1216.8px;margin-left: calc(-4% \/ 2 );margin-right: calc(-4% \/ 2 );\"><div class=\"fusion-layout-column fusion_builder_column fusion-builder-column-0 fusion_builder_column_1_1 1_1 fusion-flex-column objava bold_title proracun\" style=\"--awb-bg-size:cover;--awb-width-large:100%;--awb-margin-top-large:0px;--awb-spacing-right-large:1.92%;--awb-margin-bottom-large:0px;--awb-spacing-left-large:1.92%;--awb-width-medium:100%;--awb-order-medium:0;--awb-spacing-right-medium:1.92%;--awb-spacing-left-medium:1.92%;--awb-width-small:100%;--awb-order-small:0;--awb-spacing-right-small:1.92%;--awb-spacing-left-small:1.92%;\"><div class=\"fusion-column-wrapper fusion-column-has-shadow fusion-flex-justify-content-flex-start fusion-content-layout-column\"><div style=\"text-align:left;\"><a class=\"fusion-button button-flat button-small button-default fusion-button-default button-1 fusion-button-default-span fusion-button-default-type button_arhiva_2022\" style=\"--button-border-radius-top-left:5px;--button-border-radius-top-right:5px;--button-border-radius-bottom-right:5px;--button-border-radius-bottom-left:5px;--button_margin-bottom:10px;\" target=\"_blank\" rel=\"noopener noreferrer\" href=\"https:\/\/groznjan-grisignana.hr\/index.php\/hr\/trazi?searchword=jazz%20is%20back&amp;ordering=newest&amp;searchphrase=all\"><span class=\"fusion-button-text awb-button__text awb-button__text--default\">Archivio 2022 <\/span><\/a><\/div><\/div><\/div><div class=\"fusion-layout-column fusion_builder_column fusion-builder-column-1 fusion_builder_column_1_1 1_1 fusion-flex-column bold_title proracun\" style=\"--awb-bg-size:cover;--awb-width-large:100%;--awb-margin-top-large:0px;--awb-spacing-right-large:1.92%;--awb-margin-bottom-large:15px;--awb-spacing-left-large:1.92%;--awb-width-medium:100%;--awb-order-medium:0;--awb-spacing-right-medium:1.92%;--awb-spacing-left-medium:1.92%;--awb-width-small:100%;--awb-order-small:0;--awb-spacing-right-small:1.92%;--awb-spacing-left-small:1.92%;\"><div class=\"fusion-column-wrapper fusion-column-has-shadow fusion-flex-justify-content-flex-start fusion-content-layout-column\"><div class=\"accordian fusion-accordian\" style=\"--awb-border-size:1px;--awb-icon-size:16px;--awb-content-font-size:12px;--awb-icon-alignment:left;--awb-hover-color:var(--awb-color2);--awb-border-color:var(--awb-color3);--awb-background-color:var(--awb-color1);--awb-divider-color:var(--awb-color1);--awb-divider-hover-color:var(--awb-color1);--awb-icon-color:var(--awb-color1);--awb-title-color:var(--awb-color5);--awb-content-color:var(--awb-color7);--awb-icon-box-color:var(--awb-color8);--awb-toggle-hover-accent-color:var(--awb-color5);--awb-title-font-family:&quot;Source Sans Pro&quot;;--awb-title-font-weight:300;--awb-title-font-style:normal;--awb-content-font-family:&quot;Source Sans Pro&quot;;--awb-content-font-style:normal;--awb-content-font-weight:300;\"><div class=\"panel-group fusion-toggle-icon-boxed\" id=\"accordion-8155-1\"><div class=\"fusion-panel panel-default panel-32b3ed7cc1124e0b4 fusion-toggle-has-divider\" style=\"--awb-content-font-size:12pt;--awb-title-color:var(--awb-color5);--awb-content-color:var(--awb-color7);\"><div class=\"panel-heading\"><h4 class=\"panel-title toggle\" id=\"toggle_32b3ed7cc1124e0b4\"><a aria-expanded=\"false\" aria-controls=\"32b3ed7cc1124e0b4\" role=\"button\" data-toggle=\"collapse\" data-parent=\"#accordion-8155-1\" data-target=\"#32b3ed7cc1124e0b4\" href=\"#32b3ed7cc1124e0b4\"><span class=\"fusion-toggle-icon-wrapper\" aria-hidden=\"true\"><i class=\"fa-fusion-box active-icon awb-icon-minus\" aria-hidden=\"true\"><\/i><i class=\"fa-fusion-box inactive-icon awb-icon-plus\" aria-hidden=\"true\"><\/i><\/span><span class=\"fusion-toggle-heading\">Il festival dell jazz<\/span><\/a><\/h4><\/div><div id=\"32b3ed7cc1124e0b4\" class=\"panel-collapse collapse \" aria-labelledby=\"toggle_32b3ed7cc1124e0b4\"><div class=\"panel-body toggle-content fusion-clearfix\">\n<p>Festival internazionale di jazz &#8211; Jazz is back BP con famosi nomi del jazz mondiale. Il festival si tiene ogni anno<\/p>\n<p style=\"text-align: justify;\">Kontakt:<br \/>\nDubravka Dujmovi\u0107 Ku\u0161an, Hrvatska glazbena mlade\u017e, dubravka@hgm.hr, +385981696892<br \/>\nSandra \u010cule, Me\u0111unarodni kulturni centar HGM u Gro\u017enjanu, groznjan@hgm.hr, +385993126563<\/p>\n<\/div><\/div><\/div><\/div><\/div><div class=\"fusion-text fusion-text-1 fusion-text-no-margin\" style=\"--awb-margin-top:40px;--awb-margin-bottom:40px;\"><p>Momentaneamente <span style=\"color: #a81818;\"><strong><span style=\"font-size: 14pt;\">la documentazione in lingua Italiana non \u00e8 disponibile<\/span><\/strong><\/span>, perci\u00f2 Vi invitiamo di consultare le nostre pagine in lingua Croata cambiando la lingua\u00a0cliccando sulla bandiera Croata in alto.<\/p>\n<\/div>\n<\/div><\/div><\/div><\/div>\n","protected":false},"excerpt":{"rendered":"","protected":false},"author":1,"featured_media":0,"parent":0,"menu_order":0,"comment_status":"closed","ping_status":"closed","template":"","meta":{"footnotes":""},"class_list":["post-8155","page","type-page","status-publish","hentry"],"yoast_head":"<!-- This site is optimized with the Yoast SEO plugin v27.3 - https:\/\/yoast.com\/product\/yoast-seo-wordpress\/ -->\n<title>Jazz festival internazionale \u2013 Jazz is back BP - Op\u0107ina Gro\u017enjan | Comune di Grisignana<\/title>\n<meta name=\"robots\" content=\"index, follow, max-snippet:-1, max-image-preview:large, max-video-preview:-1\" \/>\n<link rel=\"canonical\" href=\"https:\/\/groznjan-grisignana.hr\/it\/jazz-festival-internazionale-jazz-is-back-bp\/\" \/>\n<meta property=\"og:locale\" content=\"it_IT\" \/>\n<meta property=\"og:type\" content=\"article\" \/>\n<meta property=\"og:title\" content=\"Jazz festival internazionale \u2013 Jazz is back BP - Op\u0107ina Gro\u017enjan | Comune di Grisignana\" \/>\n<meta property=\"og:url\" content=\"https:\/\/groznjan-grisignana.hr\/it\/jazz-festival-internazionale-jazz-is-back-bp\/\" \/>\n<meta property=\"og:site_name\" content=\"Op\u0107ina Gro\u017enjan | Comune di Grisignana\" \/>\n<meta property=\"article:modified_time\" content=\"2023-07-25T11:35:42+00:00\" \/>\n<meta name=\"twitter:card\" content=\"summary_large_image\" \/>\n<meta name=\"twitter:label1\" content=\"Tempo di lettura stimato\" \/>\n\t<meta name=\"twitter:data1\" content=\"5 minuti\" \/>\n<script type=\"application\/ld+json\" class=\"yoast-schema-graph\">{\"@context\":\"https:\\\/\\\/schema.org\",\"@graph\":[{\"@type\":\"WebPage\",\"@id\":\"https:\\\/\\\/groznjan-grisignana.hr\\\/it\\\/jazz-festival-internazionale-jazz-is-back-bp\\\/\",\"url\":\"https:\\\/\\\/groznjan-grisignana.hr\\\/it\\\/jazz-festival-internazionale-jazz-is-back-bp\\\/\",\"name\":\"Jazz festival internazionale \u2013 Jazz is back BP - Op\u0107ina Gro\u017enjan | Comune di Grisignana\",\"isPartOf\":{\"@id\":\"https:\\\/\\\/groznjan-grisignana.hr\\\/#website\"},\"datePublished\":\"2023-01-24T11:43:03+00:00\",\"dateModified\":\"2023-07-25T11:35:42+00:00\",\"breadcrumb\":{\"@id\":\"https:\\\/\\\/groznjan-grisignana.hr\\\/it\\\/jazz-festival-internazionale-jazz-is-back-bp\\\/#breadcrumb\"},\"inLanguage\":\"it-IT\",\"potentialAction\":[{\"@type\":\"ReadAction\",\"target\":[\"https:\\\/\\\/groznjan-grisignana.hr\\\/it\\\/jazz-festival-internazionale-jazz-is-back-bp\\\/\"]}]},{\"@type\":\"BreadcrumbList\",\"@id\":\"https:\\\/\\\/groznjan-grisignana.hr\\\/it\\\/jazz-festival-internazionale-jazz-is-back-bp\\\/#breadcrumb\",\"itemListElement\":[{\"@type\":\"ListItem\",\"position\":1,\"name\":\"Po\u010detna stranica\",\"item\":\"https:\\\/\\\/groznjan-grisignana.hr\\\/it\\\/\"},{\"@type\":\"ListItem\",\"position\":2,\"name\":\"Jazz festival internazionale \u2013 Jazz is back BP\"}]},{\"@type\":\"WebSite\",\"@id\":\"https:\\\/\\\/groznjan-grisignana.hr\\\/#website\",\"url\":\"https:\\\/\\\/groznjan-grisignana.hr\\\/\",\"name\":\"Op\u0107ina Gro\u017enjan | Comune di Grisignana\",\"description\":\"Slu\u017ebene stranice   \u2022   Sito ufficiale\",\"potentialAction\":[{\"@type\":\"SearchAction\",\"target\":{\"@type\":\"EntryPoint\",\"urlTemplate\":\"https:\\\/\\\/groznjan-grisignana.hr\\\/?s={search_term_string}\"},\"query-input\":{\"@type\":\"PropertyValueSpecification\",\"valueRequired\":true,\"valueName\":\"search_term_string\"}}],\"inLanguage\":\"it-IT\"}]}<\/script>\n<!-- \/ Yoast SEO plugin. -->","yoast_head_json":{"title":"Jazz festival internazionale \u2013 Jazz is back BP - Op\u0107ina Gro\u017enjan | Comune di Grisignana","robots":{"index":"index","follow":"follow","max-snippet":"max-snippet:-1","max-image-preview":"max-image-preview:large","max-video-preview":"max-video-preview:-1"},"canonical":"https:\/\/groznjan-grisignana.hr\/it\/jazz-festival-internazionale-jazz-is-back-bp\/","og_locale":"it_IT","og_type":"article","og_title":"Jazz festival internazionale \u2013 Jazz is back BP - Op\u0107ina Gro\u017enjan | Comune di Grisignana","og_url":"https:\/\/groznjan-grisignana.hr\/it\/jazz-festival-internazionale-jazz-is-back-bp\/","og_site_name":"Op\u0107ina Gro\u017enjan | Comune di Grisignana","article_modified_time":"2023-07-25T11:35:42+00:00","twitter_card":"summary_large_image","twitter_misc":{"Tempo di lettura stimato":"5 minuti"},"schema":{"@context":"https:\/\/schema.org","@graph":[{"@type":"WebPage","@id":"https:\/\/groznjan-grisignana.hr\/it\/jazz-festival-internazionale-jazz-is-back-bp\/","url":"https:\/\/groznjan-grisignana.hr\/it\/jazz-festival-internazionale-jazz-is-back-bp\/","name":"Jazz festival internazionale \u2013 Jazz is back BP - Op\u0107ina Gro\u017enjan | Comune di Grisignana","isPartOf":{"@id":"https:\/\/groznjan-grisignana.hr\/#website"},"datePublished":"2023-01-24T11:43:03+00:00","dateModified":"2023-07-25T11:35:42+00:00","breadcrumb":{"@id":"https:\/\/groznjan-grisignana.hr\/it\/jazz-festival-internazionale-jazz-is-back-bp\/#breadcrumb"},"inLanguage":"it-IT","potentialAction":[{"@type":"ReadAction","target":["https:\/\/groznjan-grisignana.hr\/it\/jazz-festival-internazionale-jazz-is-back-bp\/"]}]},{"@type":"BreadcrumbList","@id":"https:\/\/groznjan-grisignana.hr\/it\/jazz-festival-internazionale-jazz-is-back-bp\/#breadcrumb","itemListElement":[{"@type":"ListItem","position":1,"name":"Po\u010detna stranica","item":"https:\/\/groznjan-grisignana.hr\/it\/"},{"@type":"ListItem","position":2,"name":"Jazz festival internazionale \u2013 Jazz is back BP"}]},{"@type":"WebSite","@id":"https:\/\/groznjan-grisignana.hr\/#website","url":"https:\/\/groznjan-grisignana.hr\/","name":"Op\u0107ina Gro\u017enjan | Comune di Grisignana","description":"Slu\u017ebene stranice   \u2022   Sito ufficiale","potentialAction":[{"@type":"SearchAction","target":{"@type":"EntryPoint","urlTemplate":"https:\/\/groznjan-grisignana.hr\/?s={search_term_string}"},"query-input":{"@type":"PropertyValueSpecification","valueRequired":true,"valueName":"search_term_string"}}],"inLanguage":"it-IT"}]}},"_links":{"self":[{"href":"https:\/\/groznjan-grisignana.hr\/it\/wp-json\/wp\/v2\/pages\/8155","targetHints":{"allow":["GET"]}}],"collection":[{"href":"https:\/\/groznjan-grisignana.hr\/it\/wp-json\/wp\/v2\/pages"}],"about":[{"href":"https:\/\/groznjan-grisignana.hr\/it\/wp-json\/wp\/v2\/types\/page"}],"author":[{"embeddable":true,"href":"https:\/\/groznjan-grisignana.hr\/it\/wp-json\/wp\/v2\/users\/1"}],"replies":[{"embeddable":true,"href":"https:\/\/groznjan-grisignana.hr\/it\/wp-json\/wp\/v2\/comments?post=8155"}],"version-history":[{"count":4,"href":"https:\/\/groznjan-grisignana.hr\/it\/wp-json\/wp\/v2\/pages\/8155\/revisions"}],"predecessor-version":[{"id":8640,"href":"https:\/\/groznjan-grisignana.hr\/it\/wp-json\/wp\/v2\/pages\/8155\/revisions\/8640"}],"wp:attachment":[{"href":"https:\/\/groznjan-grisignana.hr\/it\/wp-json\/wp\/v2\/media?parent=8155"}],"curies":[{"name":"wp","href":"https:\/\/api.w.org\/{rel}","templated":true}]}}